{"id":431,"date":"2014-11-25T13:42:49","date_gmt":"2014-11-25T13:42:49","guid":{"rendered":"http:\/\/marinasantaeulalia.com\/varadero-2\/"},"modified":"2022-09-26T12:48:36","modified_gmt":"2022-09-26T12:48:36","slug":"cales-seches","status":"publish","type":"page","link":"https:\/\/marinasantaeulalia.com\/fr\/cales-seches\/","title":{"rendered":"Cales s\u00e8ches"},"content":{"rendered":"<div class=\"wpb-content-wrapper\">[vc_row][vc_column][vc_video link=\u00a0\u00bbhttps:\/\/www.youtube.com\/watch?v=K3geFCnQ7w0&Prime;][\/vc_column][\/vc_row][vc_row no_margin=\u00a0\u00bbtrue\u00a0\u00bb padding_top=\u00a0\u00bb0px\u00a0\u00bb padding_bottom=\u00a0\u00bb30px\u00a0\u00bb border=\u00a0\u00bbnone\u00a0\u00bb][vc_column fade_animation_offset=\u00a0\u00bb45px\u00a0\u00bb][vc_column_text]<p style=\"font-size: 18px;\">Pour consulter nos tarifs, vous pouvez le faire <a href=\"https:\/\/marinasantaeulalia.com\/wp-content\/uploads\/Tarifas-Varadero-a-partir-del-01.10.22.pdf\" target=\"_blank\" rel=\"noopener\">ici<\/a>. Si vous souhaitez obtenir un devis pour tout type de service contact avec <a href=\"mailto:varadero@marinasantaeulalia.com\">varadero@marinasantaeulalia.com<\/a><\/p>\n[\/vc_column_text][\/vc_column][\/vc_row][vc_row no_margin=\u00a0\u00bbtrue\u00a0\u00bb padding_top=\u00a0\u00bb0px\u00a0\u00bb padding_bottom=\u00a0\u00bb0px\u00a0\u00bb border=\u00a0\u00bbnone\u00a0\u00bb][vc_column width=\u00a0\u00bb1\/2&Prime; fade_animation_offset=\u00a0\u00bb45px\u00a0\u00bb][vc_column_text]<h3  class=\"h-custom-headline h4 accent\" style=\"margin-top:0px;\"><span>SERVICES DE CALES S\u00c8CHES<\/span><\/h3><ul>\n<li>Mise en cale s\u00e8che et lancement des bateaux avec un portique travelift de 70 tonnes<\/li>\n<li>Chariot \u00e9l\u00e9vateur<\/li>\n<li>P\u00e9riodes de mise au sec<\/li>\n<li>Eau et \u00e9lectricit\u00e9<\/li>\n<li>Machine \u00e0 pression<\/li>\n<li>Tri s\u00e9lectif des d\u00e9chets liquides et solides<\/li>\n<li>Retrait des eaux grises<\/li>\n<li>Parking<\/li>\n<li>Location de tentes de peinture<\/li>\n<\/ul>\n[\/vc_column_text][\/vc_column][vc_column width=\u00a0\u00bb1\/2&Prime; fade_animation_offset=\u00a0\u00bb45px\u00a0\u00bb][vc_column_text]<h3  class=\"h-custom-headline h4 accent\" style=\"margin-top:0px;\"><span>HORAIRES DES CALES S\u00c8CHES<\/span><\/h3><h6>HORAIRES D&rsquo;\u00c9T\u00c9:<\/h6>\n<p>Du lundi au samedi: 8h \u00e0 19h<\/p>\n<h6>HORAIRES D&rsquo;HIVER:<\/h6>\n<p>Du lundi au vendredi: de 8h00 \u00e0 18h00<\/p>\n<p>Les samedis: de 8h \u00e0 13h<\/p>\n<p>Dimanche et jours f\u00e9ri\u00e9s: ferm\u00e9<\/p>\n<p>Dernier service, 45\u00a0minutes avant la fermeture<\/p>\n<h6>HEURES DE BUREAU CALE S\u00c8CHE:<\/h6>\n<p>Du lundi au vendredi: 09:00 a 13:00<\/p>\n[\/vc_column_text][\/vc_column][\/vc_row][vc_row no_margin=\u00a0\u00bbtrue\u00a0\u00bb padding_top=\u00a0\u00bb0px\u00a0\u00bb padding_bottom=\u00a0\u00bb0px\u00a0\u00bb border=\u00a0\u00bbnone\u00a0\u00bb][vc_column fade_animation_offset=\u00a0\u00bb45px\u00a0\u00bb][vc_column_text]<h4>R\u00c8GLEMENT G\u00c9N\u00c9RAL<\/h4>\n<div class=\"x-column\">\n<ul>\n<li style=\"text-align: justify;\"><em>La mise au sec ou toute autre demande de service doit se faire aupr\u00e8s de la capitainerie, sous pr\u00e9sentation des documents suivants:<\/em>\n<ul>\n<li><em>Papiers du bateau<\/em><\/li>\n<li><em>Attestation d&rsquo;assurance en cours de validit\u00e9<\/em><\/li>\n<li><em>Carte d&rsquo;identit\u00e9 du demandeur<\/em><\/li>\n<li>\u00a0<em>Dans le cas o\u00f9 le propri\u00e9taire du bateau ne serait pas la personne sollicitant le service, cette derni\u00e8re devra pr\u00e9senter une permission \u00e9crite l&rsquo;autorisant \u00e0 solliciter les services en question, ainsi qu&rsquo;une attestation de responsabilit\u00e9 civile en cours de validit\u00e9.<\/em><\/li>\n<\/ul>\n<\/li>\n<li style=\"text-align: justify;\"><em>Il faudra indiquer la dur\u00e9e estim\u00e9e du stationnement \u00e0 sec ainsi que les travaux devant \u00eatre effectu\u00e9s sur le bateau.<\/em><\/li>\n<li style=\"text-align: justify;\"><em>La facture correspondant aux prestations fournies devra \u00eatre r\u00e9gl\u00e9e \u00e0 la capitainerie avant le lancement du bateau ou avant qu&rsquo;il ne quitte la cale s\u00e8che.<\/em><\/li>\n<\/ul>\n<\/div>\n[\/vc_column_text][\/vc_column][\/vc_row]\n<\/div>","protected":false},"excerpt":{"rendered":"<p>[vc_row][vc_column][vc_video link=\u00a0\u00bbhttps:\/\/www.youtube.com\/watch?v=K3geFCnQ7w0&Prime;][\/vc_column][\/vc_row][vc_row no_margin=\u00a0\u00bbtrue\u00a0\u00bb padding_top=\u00a0\u00bb0px\u00a0\u00bb padding_bottom=\u00a0\u00bb30px\u00a0\u00bb border=\u00a0\u00bbnone\u00a0\u00bb][vc_column fade_animation_offset=\u00a0\u00bb45px\u00a0\u00bb][vc_column_text][\/vc_column_text][\/vc_column][\/vc_row][vc_row no_margin=\u00a0\u00bbtrue\u00a0\u00bb padding_top=\u00a0\u00bb0px\u00a0\u00bb padding_bottom=\u00a0\u00bb0px\u00a0\u00bb border=\u00a0\u00bbnone\u00a0\u00bb][vc_column width=\u00a0\u00bb1\/2&Prime; fade_animation_offset=\u00a0\u00bb45px\u00a0\u00bb][vc_column_text][\/vc_column_text][\/vc_column][vc_column width=\u00a0\u00bb1\/2&Prime; fade_animation_offset=\u00a0\u00bb45px\u00a0\u00bb][vc_column_text][\/vc_column_text][\/vc_column][\/vc_row][vc_row no_margin=\u00a0\u00bbtrue\u00a0\u00bb padding_top=\u00a0\u00bb0px\u00a0\u00bb padding_bottom=\u00a0\u00bb0px\u00a0\u00bb border=\u00a0\u00bbnone\u00a0\u00bb][vc_column fade_animation_offset=\u00a0\u00bb45px\u00a0\u00bb][vc_column_text][\/vc_column_text][\/vc_column][\/vc_row]<\/p>\n","protected":false},"author":2,"featured_media":331,"parent":0,"menu_order":0,"comment_status":"closed","ping_status":"closed","template":"template-layout-full-width.php","meta":{"_acf_changed":false,"rs_blank_template":"","rs_page_bg_color":"","slide_template_v7":"","jetpack_post_was_ever_published":false,"footnotes":""},"class_list":["post-431","page","type-page","status-publish","has-post-thumbnail","hentry"],"acf":[],"yoast_head":"<!-- This site is optimized with the Yoast SEO plugin v27.5 - https:\/\/yoast.com\/product\/yoast-seo-wordpress\/ -->\n<title>Cales s\u00e8ches - Marina Santa Eulalia<\/title>\n<meta name=\"robots\" content=\"index, follow, max-snippet:-1, max-image-preview:large, max-video-preview:-1\" \/>\n<link rel=\"canonical\" href=\"https:\/\/marinasantaeulalia.com\/fr\/cales-seches\/\" \/>\n<meta property=\"og:locale\" content=\"fr_FR\" \/>\n<meta property=\"og:type\" content=\"article\" \/>\n<meta property=\"og:title\" content=\"Cales s\u00e8ches - Marina Santa Eulalia\" \/>\n<meta property=\"og:description\" content=\"[vc_row][vc_column][vc_video link=\u00a0\u00bbhttps:\/\/www.youtube.com\/watch?v=K3geFCnQ7w0&Prime;][\/vc_column][\/vc_row][vc_row no_margin=\u00a0\u00bbtrue\u00a0\u00bb padding_top=\u00a0\u00bb0px\u00a0\u00bb padding_bottom=\u00a0\u00bb30px\u00a0\u00bb border=\u00a0\u00bbnone\u00a0\u00bb][vc_column fade_animation_offset=\u00a0\u00bb45px\u00a0\u00bb][vc_column_text][\/vc_column_text][\/vc_column][\/vc_row][vc_row no_margin=\u00a0\u00bbtrue\u00a0\u00bb padding_top=\u00a0\u00bb0px\u00a0\u00bb padding_bottom=\u00a0\u00bb0px\u00a0\u00bb border=\u00a0\u00bbnone\u00a0\u00bb][vc_column width=\u00a0\u00bb1\/2&Prime; fade_animation_offset=\u00a0\u00bb45px\u00a0\u00bb][vc_column_text][\/vc_column_text][\/vc_column][vc_column width=\u00a0\u00bb1\/2&Prime; fade_animation_offset=\u00a0\u00bb45px\u00a0\u00bb][vc_column_text][\/vc_column_text][\/vc_column][\/vc_row][vc_row no_margin=\u00a0\u00bbtrue\u00a0\u00bb padding_top=\u00a0\u00bb0px\u00a0\u00bb padding_bottom=\u00a0\u00bb0px\u00a0\u00bb border=\u00a0\u00bbnone\u00a0\u00bb][vc_column fade_animation_offset=\u00a0\u00bb45px\u00a0\u00bb][vc_column_text][\/vc_column_text][\/vc_column][\/vc_row]\" \/>\n<meta property=\"og:url\" content=\"https:\/\/marinasantaeulalia.com\/fr\/cales-seches\/\" \/>\n<meta property=\"og:site_name\" content=\"Marina Santa Eulalia\" \/>\n<meta property=\"article:publisher\" content=\"https:\/\/www.facebook.com\/marinasantaeulaliaibiza\/\" \/>\n<meta property=\"article:modified_time\" content=\"2022-09-26T12:48:36+00:00\" \/>\n<meta property=\"og:image\" content=\"https:\/\/marinasantaeulalia.com\/wp-content\/uploads\/varadero_top.jpg\" \/>\n\t<meta property=\"og:image:width\" content=\"1200\" \/>\n\t<meta property=\"og:image:height\" content=\"400\" \/>\n\t<meta property=\"og:image:type\" content=\"image\/jpeg\" \/>\n<meta name=\"twitter:card\" content=\"summary_large_image\" \/>\n<meta name=\"twitter:label1\" content=\"Dur\u00e9e de lecture estim\u00e9e\" \/>\n\t<meta name=\"twitter:data1\" content=\"2 minutes\" \/>\n<script type=\"application\/ld+json\" class=\"yoast-schema-graph\">{\"@context\":\"https:\\\/\\\/schema.org\",\"@graph\":[{\"@type\":\"WebPage\",\"@id\":\"https:\\\/\\\/marinasantaeulalia.com\\\/fr\\\/cales-seches\\\/\",\"url\":\"https:\\\/\\\/marinasantaeulalia.com\\\/fr\\\/cales-seches\\\/\",\"name\":\"Cales s\u00e8ches - Marina Santa Eulalia\",\"isPartOf\":{\"@id\":\"https:\\\/\\\/marinasantaeulalia.com\\\/#website\"},\"primaryImageOfPage\":{\"@id\":\"https:\\\/\\\/marinasantaeulalia.com\\\/fr\\\/cales-seches\\\/#primaryimage\"},\"image\":{\"@id\":\"https:\\\/\\\/marinasantaeulalia.com\\\/fr\\\/cales-seches\\\/#primaryimage\"},\"thumbnailUrl\":\"https:\\\/\\\/marinasantaeulalia.com\\\/wp-content\\\/uploads\\\/varadero_top.jpg\",\"datePublished\":\"2014-11-25T13:42:49+00:00\",\"dateModified\":\"2022-09-26T12:48:36+00:00\",\"breadcrumb\":{\"@id\":\"https:\\\/\\\/marinasantaeulalia.com\\\/fr\\\/cales-seches\\\/#breadcrumb\"},\"inLanguage\":\"fr-FR\",\"potentialAction\":[{\"@type\":\"ReadAction\",\"target\":[\"https:\\\/\\\/marinasantaeulalia.com\\\/fr\\\/cales-seches\\\/\"]}]},{\"@type\":\"ImageObject\",\"inLanguage\":\"fr-FR\",\"@id\":\"https:\\\/\\\/marinasantaeulalia.com\\\/fr\\\/cales-seches\\\/#primaryimage\",\"url\":\"https:\\\/\\\/marinasantaeulalia.com\\\/wp-content\\\/uploads\\\/varadero_top.jpg\",\"contentUrl\":\"https:\\\/\\\/marinasantaeulalia.com\\\/wp-content\\\/uploads\\\/varadero_top.jpg\",\"width\":1200,\"height\":400},{\"@type\":\"BreadcrumbList\",\"@id\":\"https:\\\/\\\/marinasantaeulalia.com\\\/fr\\\/cales-seches\\\/#breadcrumb\",\"itemListElement\":[{\"@type\":\"ListItem\",\"position\":1,\"name\":\"Portada\",\"item\":\"https:\\\/\\\/marinasantaeulalia.com\\\/fr\\\/\"},{\"@type\":\"ListItem\",\"position\":2,\"name\":\"Cales s\u00e8ches\"}]},{\"@type\":\"WebSite\",\"@id\":\"https:\\\/\\\/marinasantaeulalia.com\\\/#website\",\"url\":\"https:\\\/\\\/marinasantaeulalia.com\\\/\",\"name\":\"Marina Santa Eulalia\",\"description\":\"Puerto deportivo en Ibiza\",\"publisher\":{\"@id\":\"https:\\\/\\\/marinasantaeulalia.com\\\/#organization\"},\"potentialAction\":[{\"@type\":\"SearchAction\",\"target\":{\"@type\":\"EntryPoint\",\"urlTemplate\":\"https:\\\/\\\/marinasantaeulalia.com\\\/?s={search_term_string}\"},\"query-input\":{\"@type\":\"PropertyValueSpecification\",\"valueRequired\":true,\"valueName\":\"search_term_string\"}}],\"inLanguage\":\"fr-FR\"},{\"@type\":\"Organization\",\"@id\":\"https:\\\/\\\/marinasantaeulalia.com\\\/#organization\",\"name\":\"Marina Santa Eulalia Ibiza\",\"url\":\"https:\\\/\\\/marinasantaeulalia.com\\\/\",\"logo\":{\"@type\":\"ImageObject\",\"inLanguage\":\"fr-FR\",\"@id\":\"https:\\\/\\\/marinasantaeulalia.com\\\/#\\\/schema\\\/logo\\\/image\\\/\",\"url\":\"https:\\\/\\\/marinasantaeulalia.com\\\/wp-content\\\/uploads\\\/Logo_MarinaSantaEulaliaIbiza.jpg\",\"contentUrl\":\"https:\\\/\\\/marinasantaeulalia.com\\\/wp-content\\\/uploads\\\/Logo_MarinaSantaEulaliaIbiza.jpg\",\"width\":\"960\",\"height\":\"960\",\"caption\":\"Marina Santa Eulalia Ibiza\"},\"image\":{\"@id\":\"https:\\\/\\\/marinasantaeulalia.com\\\/#\\\/schema\\\/logo\\\/image\\\/\"},\"sameAs\":[\"https:\\\/\\\/www.facebook.com\\\/marinasantaeulaliaibiza\\\/\",\"http:\\\/\\\/www.instagram.com\\\/marinasantaeulaliaibiza\"]}]}<\/script>\n<!-- \/ Yoast SEO plugin. -->","yoast_head_json":{"title":"Cales s\u00e8ches - Marina Santa Eulalia","robots":{"index":"index","follow":"follow","max-snippet":"max-snippet:-1","max-image-preview":"max-image-preview:large","max-video-preview":"max-video-preview:-1"},"canonical":"https:\/\/marinasantaeulalia.com\/fr\/cales-seches\/","og_locale":"fr_FR","og_type":"article","og_title":"Cales s\u00e8ches - Marina Santa Eulalia","og_description":"[vc_row][vc_column][vc_video link=\u00a0\u00bbhttps:\/\/www.youtube.com\/watch?v=K3geFCnQ7w0&Prime;][\/vc_column][\/vc_row][vc_row no_margin=\u00a0\u00bbtrue\u00a0\u00bb padding_top=\u00a0\u00bb0px\u00a0\u00bb padding_bottom=\u00a0\u00bb30px\u00a0\u00bb border=\u00a0\u00bbnone\u00a0\u00bb][vc_column fade_animation_offset=\u00a0\u00bb45px\u00a0\u00bb][vc_column_text][\/vc_column_text][\/vc_column][\/vc_row][vc_row no_margin=\u00a0\u00bbtrue\u00a0\u00bb padding_top=\u00a0\u00bb0px\u00a0\u00bb padding_bottom=\u00a0\u00bb0px\u00a0\u00bb border=\u00a0\u00bbnone\u00a0\u00bb][vc_column width=\u00a0\u00bb1\/2&Prime; fade_animation_offset=\u00a0\u00bb45px\u00a0\u00bb][vc_column_text][\/vc_column_text][\/vc_column][vc_column width=\u00a0\u00bb1\/2&Prime; fade_animation_offset=\u00a0\u00bb45px\u00a0\u00bb][vc_column_text][\/vc_column_text][\/vc_column][\/vc_row][vc_row no_margin=\u00a0\u00bbtrue\u00a0\u00bb padding_top=\u00a0\u00bb0px\u00a0\u00bb padding_bottom=\u00a0\u00bb0px\u00a0\u00bb border=\u00a0\u00bbnone\u00a0\u00bb][vc_column fade_animation_offset=\u00a0\u00bb45px\u00a0\u00bb][vc_column_text][\/vc_column_text][\/vc_column][\/vc_row]","og_url":"https:\/\/marinasantaeulalia.com\/fr\/cales-seches\/","og_site_name":"Marina Santa Eulalia","article_publisher":"https:\/\/www.facebook.com\/marinasantaeulaliaibiza\/","article_modified_time":"2022-09-26T12:48:36+00:00","og_image":[{"width":1200,"height":400,"url":"https:\/\/marinasantaeulalia.com\/wp-content\/uploads\/varadero_top.jpg","type":"image\/jpeg"}],"twitter_card":"summary_large_image","twitter_misc":{"Dur\u00e9e de lecture estim\u00e9e":"2 minutes"},"schema":{"@context":"https:\/\/schema.org","@graph":[{"@type":"WebPage","@id":"https:\/\/marinasantaeulalia.com\/fr\/cales-seches\/","url":"https:\/\/marinasantaeulalia.com\/fr\/cales-seches\/","name":"Cales s\u00e8ches - Marina Santa Eulalia","isPartOf":{"@id":"https:\/\/marinasantaeulalia.com\/#website"},"primaryImageOfPage":{"@id":"https:\/\/marinasantaeulalia.com\/fr\/cales-seches\/#primaryimage"},"image":{"@id":"https:\/\/marinasantaeulalia.com\/fr\/cales-seches\/#primaryimage"},"thumbnailUrl":"https:\/\/marinasantaeulalia.com\/wp-content\/uploads\/varadero_top.jpg","datePublished":"2014-11-25T13:42:49+00:00","dateModified":"2022-09-26T12:48:36+00:00","breadcrumb":{"@id":"https:\/\/marinasantaeulalia.com\/fr\/cales-seches\/#breadcrumb"},"inLanguage":"fr-FR","potentialAction":[{"@type":"ReadAction","target":["https:\/\/marinasantaeulalia.com\/fr\/cales-seches\/"]}]},{"@type":"ImageObject","inLanguage":"fr-FR","@id":"https:\/\/marinasantaeulalia.com\/fr\/cales-seches\/#primaryimage","url":"https:\/\/marinasantaeulalia.com\/wp-content\/uploads\/varadero_top.jpg","contentUrl":"https:\/\/marinasantaeulalia.com\/wp-content\/uploads\/varadero_top.jpg","width":1200,"height":400},{"@type":"BreadcrumbList","@id":"https:\/\/marinasantaeulalia.com\/fr\/cales-seches\/#breadcrumb","itemListElement":[{"@type":"ListItem","position":1,"name":"Portada","item":"https:\/\/marinasantaeulalia.com\/fr\/"},{"@type":"ListItem","position":2,"name":"Cales s\u00e8ches"}]},{"@type":"WebSite","@id":"https:\/\/marinasantaeulalia.com\/#website","url":"https:\/\/marinasantaeulalia.com\/","name":"Marina Santa Eulalia","description":"Puerto deportivo en Ibiza","publisher":{"@id":"https:\/\/marinasantaeulalia.com\/#organization"},"potentialAction":[{"@type":"SearchAction","target":{"@type":"EntryPoint","urlTemplate":"https:\/\/marinasantaeulalia.com\/?s={search_term_string}"},"query-input":{"@type":"PropertyValueSpecification","valueRequired":true,"valueName":"search_term_string"}}],"inLanguage":"fr-FR"},{"@type":"Organization","@id":"https:\/\/marinasantaeulalia.com\/#organization","name":"Marina Santa Eulalia Ibiza","url":"https:\/\/marinasantaeulalia.com\/","logo":{"@type":"ImageObject","inLanguage":"fr-FR","@id":"https:\/\/marinasantaeulalia.com\/#\/schema\/logo\/image\/","url":"https:\/\/marinasantaeulalia.com\/wp-content\/uploads\/Logo_MarinaSantaEulaliaIbiza.jpg","contentUrl":"https:\/\/marinasantaeulalia.com\/wp-content\/uploads\/Logo_MarinaSantaEulaliaIbiza.jpg","width":"960","height":"960","caption":"Marina Santa Eulalia Ibiza"},"image":{"@id":"https:\/\/marinasantaeulalia.com\/#\/schema\/logo\/image\/"},"sameAs":["https:\/\/www.facebook.com\/marinasantaeulaliaibiza\/","http:\/\/www.instagram.com\/marinasantaeulaliaibiza"]}]}},"jetpack_sharing_enabled":true,"jetpack_shortlink":"https:\/\/wp.me\/P9JVaN-6X","_links":{"self":[{"href":"https:\/\/marinasantaeulalia.com\/fr\/wp-json\/wp\/v2\/pages\/431","targetHints":{"allow":["GET"]}}],"collection":[{"href":"https:\/\/marinasantaeulalia.com\/fr\/wp-json\/wp\/v2\/pages"}],"about":[{"href":"https:\/\/marinasantaeulalia.com\/fr\/wp-json\/wp\/v2\/types\/page"}],"author":[{"embeddable":true,"href":"https:\/\/marinasantaeulalia.com\/fr\/wp-json\/wp\/v2\/users\/2"}],"replies":[{"embeddable":true,"href":"https:\/\/marinasantaeulalia.com\/fr\/wp-json\/wp\/v2\/comments?post=431"}],"version-history":[{"count":0,"href":"https:\/\/marinasantaeulalia.com\/fr\/wp-json\/wp\/v2\/pages\/431\/revisions"}],"wp:featuredmedia":[{"embeddable":true,"href":"https:\/\/marinasantaeulalia.com\/fr\/wp-json\/wp\/v2\/media\/331"}],"wp:attachment":[{"href":"https:\/\/marinasantaeulalia.com\/fr\/wp-json\/wp\/v2\/media?parent=431"}],"curies":[{"name":"wp","href":"https:\/\/api.w.org\/{rel}","templated":true}]}}